{"id":427,"date":"2020-09-28T04:34:10","date_gmt":"2020-09-28T02:34:10","guid":{"rendered":"https:\/\/boeoerds.ch\/?page_id=427"},"modified":"2021-06-16T09:47:13","modified_gmt":"2021-06-16T07:47:13","slug":"tuetenhueter-old","status":"publish","type":"page","link":"https:\/\/boeoerds.ch\/es\/tuetenhueter-old\/","title":{"rendered":"T\u00fctenh\u00fcter"},"content":{"rendered":"<div class=\"row\"  id=\"row-1012050508\">\n\n\n\t<div id=\"col-1187618324\" class=\"col medium-3 small-12 large-3\"  >\n\t\t\t\t<div class=\"col-inner\"  >\n\t\t\t\n\t\t\t\n\n\t<div class=\"img has-hover x md-x lg-x y md-y lg-y\" id=\"image_379916270\">\n\t\t\t\t\t\t\t\t<div class=\"img-inner dark\" >\n\t\t\t<img loading=\"lazy\" decoding=\"async\" width=\"640\" height=\"645\" src=\"https:\/\/boeoerds.ch\/wp-content\/uploads\/2020\/10\/Tu\u0308tenhu\u0308ter_Charakter.png\" class=\"attachment-large size-large\" alt=\"\" srcset=\"https:\/\/boeoerds.ch\/wp-content\/uploads\/2020\/10\/Tu\u0308tenhu\u0308ter_Charakter.png 640w, https:\/\/boeoerds.ch\/wp-content\/uploads\/2020\/10\/Tu\u0308tenhu\u0308ter_Charakter-100x100.png 100w, https:\/\/boeoerds.ch\/wp-content\/uploads\/2020\/10\/Tu\u0308tenhu\u0308ter_Charakter-600x605.png 600w, https:\/\/boeoerds.ch\/wp-content\/uploads\/2020\/10\/Tu\u0308tenhu\u0308ter_Charakter-298x300.png 298w, https:\/\/boeoerds.ch\/wp-content\/uploads\/2020\/10\/Tu\u0308tenhu\u0308ter_Charakter-150x150.png 150w, https:\/\/boeoerds.ch\/wp-content\/uploads\/2020\/10\/Tu\u0308tenhu\u0308ter_Charakter-400x403.png 400w, https:\/\/boeoerds.ch\/wp-content\/uploads\/2020\/10\/Tu\u0308tenhu\u0308ter_Charakter-85x85.png 85w, https:\/\/boeoerds.ch\/wp-content\/uploads\/2020\/10\/Tu\u0308tenhu\u0308ter_Charakter-32x32.png 32w\" sizes=\"auto, (max-width: 640px) 100vw, 640px\" \/>\t\t\t\t\t\t\n\t\t\t\t\t<\/div>\n\t\t\t\t\t\t\t\t\n<style>\n#image_379916270 {\n  width: 100%;\n}\n<\/style>\n\t<\/div>\n\t\n\n\n\t\t<\/div>\n\t\t\t\t\t<\/div>\n\n\t\n\n\t<div id=\"col-1467800184\" class=\"col medium-9 small-12 large-9\"  >\n\t\t\t\t<div class=\"col-inner\"  >\n\t\t\t\n\t\t\t\n\n<h1>Rec\u00f3geme<\/h1>\n<p>Perm\u00edtanme que me presente,<\/p>\n<p>Vivo contento y feliz en un elegante piso antiguo en Suiza. Todas las ma\u00f1anas me retuerzo el bigote con mucho cuidado y cari\u00f1o delante del espejo dorado y antiguo del pasillo. Las gafas redondas, los tirantes y la pajarita al cuello se han convertido en mi se\u00f1a de identidad. Cuando paseo tranquilamente por las callejuelas de la ciudad, de vez en cuando me reconocen.<\/p>\n<p>Cuidar las bolsas es mi gran pasi\u00f3n. Me gusta mantener limpios y ordenados los hogares. Se me da especialmente bien evitar que se estropee la comida y mantenerlo todo fresco, limpio y crujiente.<\/p>\n\n\t\t<\/div>\n\t\t\t\t\t<\/div>\n\n\t\n\n<\/div>\n<div class=\"row\"  id=\"row-1594254381\">\n\n\n\t<div id=\"col-329318810\" class=\"col medium-4 small-12 large-4\"  >\n\t\t\t\t<div class=\"col-inner\"  >\n\t\t\t\n\t\t\t\n\n<h1>6 piezas<\/h1>\n<p>Puedes comprarme en un set de 6 o en venta libre. Soy s\u00faper pr\u00e1ctico para cualquier prop\u00f3sito. Ya sea para bolsas de patatas fritas, harina, l\u00edquidos, comida para mascotas, cosm\u00e9ticos o materiales para manualidades. Puedes encontrar todos nuestros productos aqu\u00ed en nuestra tienda online y puedes encontrarme en estas tiendas.<\/p>\n\n\t\t<\/div>\n\t\t\t\t\t<\/div>\n\n\t\n\n\t<div id=\"col-1645547576\" class=\"col medium-4 small-12 large-4\"  >\n\t\t\t\t<div class=\"col-inner\"  >\n\t\t\t\n\t\t\t\n\n<h1>3 tama\u00f1os<\/h1>\n<p>Como tienes bolsas de distintos tama\u00f1os en casa, tambi\u00e9n estoy disponible en 3 tama\u00f1os. Puedes comprarme sin empaquetar individualmente o como un pr\u00e1ctico set. El set contiene: 2 piezas con una longitud de 14 cm, 2 con una longitud de 18 cm y 2 con una longitud de 22 cm. Puedes ver lo f\u00e1cil que es utilizarme aqu\u00ed en nuestro v\u00eddeo explicativo: Uso previsto.<\/p>\n\n\t\t<\/div>\n\t\t\t\t\t<\/div>\n\n\t\n\n\t<div id=\"col-1263079804\" class=\"col medium-4 small-12 large-4\"  >\n\t\t\t\t<div class=\"col-inner\"  >\n\t\t\t\n\t\t\t\n\n<h1>Hecho con amor<\/h1>\n<p>Sandra y Chrigi me dise\u00f1aron, produjeron y envasaron con gran atenci\u00f3n al detalle. Eligieron los colores para m\u00ed con esmero y dedicaci\u00f3n y dise\u00f1aron el envase con gran pasi\u00f3n. Estoy hecho en Suiza y, por tanto, soy 100% Suiza. \u00bfQu\u00e9 te parezco?<\/p>\n\n\t\t<\/div>\n\t\t\t\t\t<\/div>\n\n\t\n\n<\/div>\n<div class=\"row\"  id=\"row-397262238\">\n\n\n\t<div id=\"col-1290333412\" class=\"col small-12 large-12\"  >\n\t\t\t\t<div class=\"col-inner text-center\"  >\n\t\t\t\n\t\t\t\n\n\t\n  \n    <div class=\"row  equalize-box large-columns-3 medium-columns- small-columns-2 row-small slider row-slider slider-nav-reveal slider-nav-push\"  data-flickity-options='{&quot;imagesLoaded&quot;: true, &quot;groupCells&quot;: &quot;100%&quot;, &quot;dragThreshold&quot; : 5, &quot;cellAlign&quot;: &quot;left&quot;,&quot;wrapAround&quot;: true,&quot;prevNextButtons&quot;: true,&quot;percentPosition&quot;: true,&quot;pageDots&quot;: false, &quot;rightToLeft&quot;: false, &quot;autoPlay&quot; : false}' >\n\n  \n\t     <div class=\"product-small col has-hover product type-product post-1299 status-publish first instock product_cat-sets has-post-thumbnail taxable shipping-taxable purchasable product-type-simple\">\n\t<div class=\"col-inner\">\n\t\n<div class=\"badge-container absolute left top z-1\">\n\n<\/div>\n\t<div class=\"product-small box\">\n\t\t<div class=\"box-image\">\n\t\t\t<div class=\"image-fade_in_back\">\n\t\t\t\t<a href=\"https:\/\/boeoerds.ch\/es\/product\/tuetenhueter-6er-set-original-swiss-edition\/\">\n\t\t\t\t\t<img loading=\"lazy\" decoding=\"async\" width=\"600\" height=\"600\" src=\"https:\/\/boeoerds.ch\/wp-content\/uploads\/2020\/10\/Produktbilder_-5-Swiss-Edition-6er-Set-600x600.jpeg\" class=\"attachment-woocommerce_thumbnail size-woocommerce_thumbnail\" alt=\"T\u00dcTENH\u00dcTER - ROT\" srcset=\"https:\/\/boeoerds.ch\/wp-content\/uploads\/2020\/10\/Produktbilder_-5-Swiss-Edition-6er-Set-600x600.jpeg 600w, https:\/\/boeoerds.ch\/wp-content\/uploads\/2020\/10\/Produktbilder_-5-Swiss-Edition-6er-Set-300x300.jpeg 300w, https:\/\/boeoerds.ch\/wp-content\/uploads\/2020\/10\/Produktbilder_-5-Swiss-Edition-6er-Set-1024x1024.jpeg 1024w, https:\/\/boeoerds.ch\/wp-content\/uploads\/2020\/10\/Produktbilder_-5-Swiss-Edition-6er-Set-150x150.jpeg 150w, https:\/\/boeoerds.ch\/wp-content\/uploads\/2020\/10\/Produktbilder_-5-Swiss-Edition-6er-Set-768x768.jpeg 768w, https:\/\/boeoerds.ch\/wp-content\/uploads\/2020\/10\/Produktbilder_-5-Swiss-Edition-6er-Set-12x12.jpeg 12w, https:\/\/boeoerds.ch\/wp-content\/uploads\/2020\/10\/Produktbilder_-5-Swiss-Edition-6er-Set-800x800.jpeg 800w, https:\/\/boeoerds.ch\/wp-content\/uploads\/2020\/10\/Produktbilder_-5-Swiss-Edition-6er-Set-100x100.jpeg 100w, https:\/\/boeoerds.ch\/wp-content\/uploads\/2020\/10\/Produktbilder_-5-Swiss-Edition-6er-Set.jpeg 1080w\" sizes=\"auto, (max-width: 600px) 100vw, 600px\" \/><img loading=\"lazy\" decoding=\"async\" width=\"600\" height=\"600\" src=\"https:\/\/boeoerds.ch\/wp-content\/uploads\/2020\/11\/Meta_Bild-15-Collage-Rot-600x600.jpeg\" class=\"show-on-hover absolute fill hide-for-small back-image\" alt=\"Alternative view of T\u00dcTENH\u00dcTER - ROT\" aria-hidden=\"true\" srcset=\"https:\/\/boeoerds.ch\/wp-content\/uploads\/2020\/11\/Meta_Bild-15-Collage-Rot-600x600.jpeg 600w, https:\/\/boeoerds.ch\/wp-content\/uploads\/2020\/11\/Meta_Bild-15-Collage-Rot-300x300.jpeg 300w, https:\/\/boeoerds.ch\/wp-content\/uploads\/2020\/11\/Meta_Bild-15-Collage-Rot-1024x1024.jpeg 1024w, https:\/\/boeoerds.ch\/wp-content\/uploads\/2020\/11\/Meta_Bild-15-Collage-Rot-150x150.jpeg 150w, https:\/\/boeoerds.ch\/wp-content\/uploads\/2020\/11\/Meta_Bild-15-Collage-Rot-768x768.jpeg 768w, https:\/\/boeoerds.ch\/wp-content\/uploads\/2020\/11\/Meta_Bild-15-Collage-Rot-12x12.jpeg 12w, https:\/\/boeoerds.ch\/wp-content\/uploads\/2020\/11\/Meta_Bild-15-Collage-Rot-800x800.jpeg 800w, https:\/\/boeoerds.ch\/wp-content\/uploads\/2020\/11\/Meta_Bild-15-Collage-Rot-100x100.jpeg 100w, https:\/\/boeoerds.ch\/wp-content\/uploads\/2020\/11\/Meta_Bild-15-Collage-Rot.jpeg 1080w\" sizes=\"auto, (max-width: 600px) 100vw, 600px\" \/>\t\t\t\t<\/a>\n\t\t\t<\/div>\n\t\t\t<div class=\"image-tools is-small top right show-on-hover\">\n\t\t\t\t\t\t\t<\/div>\n\t\t\t<div class=\"image-tools is-small hide-for-small bottom left show-on-hover\">\n\t\t\t\t\t\t\t<\/div>\n\t\t\t<div class=\"image-tools grid-tools text-center hide-for-small bottom hover-slide-in show-on-hover\">\n\t\t\t\t<a href=\"#quick-view\" class=\"quick-view\" role=\"button\" data-prod=\"1299\" aria-haspopup=\"dialog\" aria-expanded=\"false\" data-flatsome-role-button>Vista R\u00e1pida<\/a>\t\t\t<\/div>\n\t\t\t\t\t<\/div>\n\n\t\t<div class=\"box-text box-text-products\">\n\t\t\t<div class=\"title-wrapper\"><p class=\"name product-title woocommerce-loop-product__title\"><a href=\"https:\/\/boeoerds.ch\/es\/product\/tuetenhueter-6er-set-original-swiss-edition\/\" class=\"woocommerce-LoopProduct-link woocommerce-loop-product__link\">T\u00dcTENH\u00dcTER - ROJO<\/a><\/p><\/div><div class=\"price-wrapper\">\n\t<span class=\"price\"><span class=\"wcpbc-price wcpbc-price-1299\" data-product-id=\"1299\"><span class=\"woocommerce-Price-amount amount\"><bdi><span class=\"woocommerce-Price-currencySymbol\">CHF<\/span>18.90<\/bdi><\/span><\/span><\/span>\n<\/div><div class=\"add-to-cart-button\"><a href=\"\/es\/wp-json\/wp\/v2\/pages\/427?add-to-cart=1299\" aria-describedby=\"woocommerce_loop_add_to_cart_link_describedby_1299\" data-quantity=\"1\" class=\"primary is-small mb-0 button product_type_simple add_to_cart_button ajax_add_to_cart is-flat\" data-product_id=\"1299\" data-product_sku=\"700 003\" aria-label=\"A\u00f1adir a la cesta: &quot;T\u00dcTENH\u00dcTER - ROT&quot;\" rel=\"nofollow\" data-success_message=\"&quot;T\u00dcTENH\u00dcTER - ROT&quot; se ha a\u00f1adido a tu carrito\" role=\"button\" data-no-translation=\"\" data-trp-gettext=\"\" data-no-translation-aria-label=\"\" data-no-translation-data-success_message=\"\">A\u00f1adir a la cesta<\/a><\/div>\t<span id=\"woocommerce_loop_add_to_cart_link_describedby_1299\" class=\"screen-reader-text\">\n\t\t\t<\/span>\n\t\t<\/div>\n\t<\/div>\n\t\t<\/div>\n<\/div><div class=\"product-small col has-hover product type-product post-1300 status-publish instock product_cat-sets has-post-thumbnail taxable shipping-taxable purchasable product-type-simple\">\n\t<div class=\"col-inner\">\n\t\n<div class=\"badge-container absolute left top z-1\">\n\n<\/div>\n\t<div class=\"product-small box\">\n\t\t<div class=\"box-image\">\n\t\t\t<div class=\"image-fade_in_back\">\n\t\t\t\t<a href=\"https:\/\/boeoerds.ch\/es\/product\/tuetenhueter-6er-set-korallrot\/\">\n\t\t\t\t\t<img loading=\"lazy\" decoding=\"async\" width=\"600\" height=\"600\" src=\"https:\/\/boeoerds.ch\/wp-content\/uploads\/2020\/10\/Produktbilder_-3-Korallrot-6er-Set-600x600.jpeg\" class=\"attachment-woocommerce_thumbnail size-woocommerce_thumbnail\" alt=\"T\u00dcTENH\u00dcTER - KORALL\" srcset=\"https:\/\/boeoerds.ch\/wp-content\/uploads\/2020\/10\/Produktbilder_-3-Korallrot-6er-Set-600x600.jpeg 600w, https:\/\/boeoerds.ch\/wp-content\/uploads\/2020\/10\/Produktbilder_-3-Korallrot-6er-Set-300x300.jpeg 300w, https:\/\/boeoerds.ch\/wp-content\/uploads\/2020\/10\/Produktbilder_-3-Korallrot-6er-Set-1024x1024.jpeg 1024w, https:\/\/boeoerds.ch\/wp-content\/uploads\/2020\/10\/Produktbilder_-3-Korallrot-6er-Set-150x150.jpeg 150w, https:\/\/boeoerds.ch\/wp-content\/uploads\/2020\/10\/Produktbilder_-3-Korallrot-6er-Set-768x768.jpeg 768w, https:\/\/boeoerds.ch\/wp-content\/uploads\/2020\/10\/Produktbilder_-3-Korallrot-6er-Set-12x12.jpeg 12w, https:\/\/boeoerds.ch\/wp-content\/uploads\/2020\/10\/Produktbilder_-3-Korallrot-6er-Set-800x800.jpeg 800w, https:\/\/boeoerds.ch\/wp-content\/uploads\/2020\/10\/Produktbilder_-3-Korallrot-6er-Set-100x100.jpeg 100w, https:\/\/boeoerds.ch\/wp-content\/uploads\/2020\/10\/Produktbilder_-3-Korallrot-6er-Set.jpeg 1080w\" sizes=\"auto, (max-width: 600px) 100vw, 600px\" \/><img loading=\"lazy\" decoding=\"async\" width=\"600\" height=\"600\" src=\"https:\/\/boeoerds.ch\/wp-content\/uploads\/2022\/07\/Meta_Bild-14-Collage-Korallrot-600x600.jpeg\" class=\"show-on-hover absolute fill hide-for-small back-image\" alt=\"Alternative view of T\u00dcTENH\u00dcTER - KORALL\" aria-hidden=\"true\" srcset=\"https:\/\/boeoerds.ch\/wp-content\/uploads\/2022\/07\/Meta_Bild-14-Collage-Korallrot-600x600.jpeg 600w, https:\/\/boeoerds.ch\/wp-content\/uploads\/2022\/07\/Meta_Bild-14-Collage-Korallrot-300x300.jpeg 300w, https:\/\/boeoerds.ch\/wp-content\/uploads\/2022\/07\/Meta_Bild-14-Collage-Korallrot-1024x1024.jpeg 1024w, https:\/\/boeoerds.ch\/wp-content\/uploads\/2022\/07\/Meta_Bild-14-Collage-Korallrot-150x150.jpeg 150w, https:\/\/boeoerds.ch\/wp-content\/uploads\/2022\/07\/Meta_Bild-14-Collage-Korallrot-768x768.jpeg 768w, https:\/\/boeoerds.ch\/wp-content\/uploads\/2022\/07\/Meta_Bild-14-Collage-Korallrot-12x12.jpeg 12w, https:\/\/boeoerds.ch\/wp-content\/uploads\/2022\/07\/Meta_Bild-14-Collage-Korallrot-800x800.jpeg 800w, https:\/\/boeoerds.ch\/wp-content\/uploads\/2022\/07\/Meta_Bild-14-Collage-Korallrot-100x100.jpeg 100w, https:\/\/boeoerds.ch\/wp-content\/uploads\/2022\/07\/Meta_Bild-14-Collage-Korallrot.jpeg 1080w\" sizes=\"auto, (max-width: 600px) 100vw, 600px\" \/>\t\t\t\t<\/a>\n\t\t\t<\/div>\n\t\t\t<div class=\"image-tools is-small top right show-on-hover\">\n\t\t\t\t\t\t\t<\/div>\n\t\t\t<div class=\"image-tools is-small hide-for-small bottom left show-on-hover\">\n\t\t\t\t\t\t\t<\/div>\n\t\t\t<div class=\"image-tools grid-tools text-center hide-for-small bottom hover-slide-in show-on-hover\">\n\t\t\t\t<a href=\"#quick-view\" class=\"quick-view\" role=\"button\" data-prod=\"1300\" aria-haspopup=\"dialog\" aria-expanded=\"false\" data-flatsome-role-button>Vista R\u00e1pida<\/a>\t\t\t<\/div>\n\t\t\t\t\t<\/div>\n\n\t\t<div class=\"box-text box-text-products\">\n\t\t\t<div class=\"title-wrapper\"><p class=\"name product-title woocommerce-loop-product__title\"><a href=\"https:\/\/boeoerds.ch\/es\/product\/tuetenhueter-6er-set-korallrot\/\" class=\"woocommerce-LoopProduct-link woocommerce-loop-product__link\">T\u00dcTENH\u00dcTER - KORALL<\/a><\/p><\/div><div class=\"price-wrapper\">\n\t<span class=\"price\"><span class=\"wcpbc-price wcpbc-price-1300\" data-product-id=\"1300\"><span class=\"woocommerce-Price-amount amount\"><bdi><span class=\"woocommerce-Price-currencySymbol\">CHF<\/span>18.90<\/bdi><\/span><\/span><\/span>\n<\/div><div class=\"add-to-cart-button\"><a href=\"\/es\/wp-json\/wp\/v2\/pages\/427?add-to-cart=1300\" aria-describedby=\"woocommerce_loop_add_to_cart_link_describedby_1300\" data-quantity=\"1\" class=\"primary is-small mb-0 button product_type_simple add_to_cart_button ajax_add_to_cart is-flat\" data-product_id=\"1300\" data-product_sku=\"700 002\" aria-label=\"A\u00f1adir a la cesta: &quot;T\u00dcTENH\u00dcTER - KORALL&quot;\" rel=\"nofollow\" data-success_message=\"&quot;T\u00dcTENH\u00dcTER - KORALL&quot; se ha a\u00f1adido a tu carrito\" role=\"button\" data-no-translation=\"\" data-trp-gettext=\"\" data-no-translation-aria-label=\"\" data-no-translation-data-success_message=\"\">A\u00f1adir a la cesta<\/a><\/div>\t<span id=\"woocommerce_loop_add_to_cart_link_describedby_1300\" class=\"screen-reader-text\">\n\t\t\t<\/span>\n\t\t<\/div>\n\t<\/div>\n\t\t<\/div>\n<\/div><div class=\"product-small col has-hover product type-product post-1306 status-publish last instock product_cat-sets has-post-thumbnail taxable shipping-taxable purchasable product-type-simple\">\n\t<div class=\"col-inner\">\n\t\n<div class=\"badge-container absolute left top z-1\">\n\n<\/div>\n\t<div class=\"product-small box\">\n\t\t<div class=\"box-image\">\n\t\t\t<div class=\"image-fade_in_back\">\n\t\t\t\t<a href=\"https:\/\/boeoerds.ch\/es\/product\/tuetenhueter-6er-set-original-tuerkis\/\">\n\t\t\t\t\t<img loading=\"lazy\" decoding=\"async\" width=\"600\" height=\"600\" src=\"https:\/\/boeoerds.ch\/wp-content\/uploads\/2020\/11\/Produktbilder_-1-Original-Tuerkis-6er-Set-600x600.jpeg\" class=\"attachment-woocommerce_thumbnail size-woocommerce_thumbnail\" alt=\"T\u00dcTENH\u00dcTER - ORIGINAL T\u00dcRKIS\" srcset=\"https:\/\/boeoerds.ch\/wp-content\/uploads\/2020\/11\/Produktbilder_-1-Original-Tuerkis-6er-Set-600x600.jpeg 600w, https:\/\/boeoerds.ch\/wp-content\/uploads\/2020\/11\/Produktbilder_-1-Original-Tuerkis-6er-Set-300x300.jpeg 300w, https:\/\/boeoerds.ch\/wp-content\/uploads\/2020\/11\/Produktbilder_-1-Original-Tuerkis-6er-Set-1024x1024.jpeg 1024w, https:\/\/boeoerds.ch\/wp-content\/uploads\/2020\/11\/Produktbilder_-1-Original-Tuerkis-6er-Set-150x150.jpeg 150w, https:\/\/boeoerds.ch\/wp-content\/uploads\/2020\/11\/Produktbilder_-1-Original-Tuerkis-6er-Set-768x768.jpeg 768w, https:\/\/boeoerds.ch\/wp-content\/uploads\/2020\/11\/Produktbilder_-1-Original-Tuerkis-6er-Set-12x12.jpeg 12w, https:\/\/boeoerds.ch\/wp-content\/uploads\/2020\/11\/Produktbilder_-1-Original-Tuerkis-6er-Set-800x800.jpeg 800w, https:\/\/boeoerds.ch\/wp-content\/uploads\/2020\/11\/Produktbilder_-1-Original-Tuerkis-6er-Set-100x100.jpeg 100w, https:\/\/boeoerds.ch\/wp-content\/uploads\/2020\/11\/Produktbilder_-1-Original-Tuerkis-6er-Set.jpeg 1080w\" sizes=\"auto, (max-width: 600px) 100vw, 600px\" \/><img loading=\"lazy\" decoding=\"async\" width=\"600\" height=\"600\" src=\"https:\/\/boeoerds.ch\/wp-content\/uploads\/2020\/11\/1000151892-600x600.jpg\" class=\"show-on-hover absolute fill hide-for-small back-image\" alt=\"Alternative view of T\u00dcTENH\u00dcTER - ORIGINAL T\u00dcRKIS\" aria-hidden=\"true\" srcset=\"https:\/\/boeoerds.ch\/wp-content\/uploads\/2020\/11\/1000151892-600x600.jpg 600w, https:\/\/boeoerds.ch\/wp-content\/uploads\/2020\/11\/1000151892-300x300.jpg 300w, https:\/\/boeoerds.ch\/wp-content\/uploads\/2020\/11\/1000151892-1024x1024.jpg 1024w, https:\/\/boeoerds.ch\/wp-content\/uploads\/2020\/11\/1000151892-150x150.jpg 150w, https:\/\/boeoerds.ch\/wp-content\/uploads\/2020\/11\/1000151892-768x768.jpg 768w, https:\/\/boeoerds.ch\/wp-content\/uploads\/2020\/11\/1000151892-12x12.jpg 12w, https:\/\/boeoerds.ch\/wp-content\/uploads\/2020\/11\/1000151892-800x800.jpg 800w, https:\/\/boeoerds.ch\/wp-content\/uploads\/2020\/11\/1000151892-100x100.jpg 100w, https:\/\/boeoerds.ch\/wp-content\/uploads\/2020\/11\/1000151892.jpg 1080w\" sizes=\"auto, (max-width: 600px) 100vw, 600px\" \/>\t\t\t\t<\/a>\n\t\t\t<\/div>\n\t\t\t<div class=\"image-tools is-small top right show-on-hover\">\n\t\t\t\t\t\t\t<\/div>\n\t\t\t<div class=\"image-tools is-small hide-for-small bottom left show-on-hover\">\n\t\t\t\t\t\t\t<\/div>\n\t\t\t<div class=\"image-tools grid-tools text-center hide-for-small bottom hover-slide-in show-on-hover\">\n\t\t\t\t<a href=\"#quick-view\" class=\"quick-view\" role=\"button\" data-prod=\"1306\" aria-haspopup=\"dialog\" aria-expanded=\"false\" data-flatsome-role-button>Vista R\u00e1pida<\/a>\t\t\t<\/div>\n\t\t\t\t\t<\/div>\n\n\t\t<div class=\"box-text box-text-products\">\n\t\t\t<div class=\"title-wrapper\"><p class=\"name product-title woocommerce-loop-product__title\"><a href=\"https:\/\/boeoerds.ch\/es\/product\/tuetenhueter-6er-set-original-tuerkis\/\" class=\"woocommerce-LoopProduct-link woocommerce-loop-product__link\">T\u00dcTENH\u00dcTER - TURQUESA ORIGINAL<\/a><\/p><\/div><div class=\"price-wrapper\">\n\t<span class=\"price\"><span class=\"wcpbc-price wcpbc-price-1306\" data-product-id=\"1306\"><span class=\"woocommerce-Price-amount amount\"><bdi><span class=\"woocommerce-Price-currencySymbol\">CHF<\/span>18.90<\/bdi><\/span><\/span><\/span>\n<\/div><div class=\"add-to-cart-button\"><a href=\"\/es\/wp-json\/wp\/v2\/pages\/427?add-to-cart=1306\" aria-describedby=\"woocommerce_loop_add_to_cart_link_describedby_1306\" data-quantity=\"1\" class=\"primary is-small mb-0 button product_type_simple add_to_cart_button ajax_add_to_cart is-flat\" data-product_id=\"1306\" data-product_sku=\"700 001\" aria-label=\"A\u00f1adir a la cesta: &quot;T\u00dcTENH\u00dcTER - ORIGINAL T\u00dcRKIS&quot;\" rel=\"nofollow\" data-success_message=\"&quot;T\u00dcTENH\u00dcTER - ORIGINAL T\u00dcRKIS&quot; se ha a\u00f1adido a tu carrito\" role=\"button\" data-no-translation=\"\" data-trp-gettext=\"\" data-no-translation-aria-label=\"\" data-no-translation-data-success_message=\"\">A\u00f1adir a la cesta<\/a><\/div>\t<span id=\"woocommerce_loop_add_to_cart_link_describedby_1306\" class=\"screen-reader-text\">\n\t\t\t<\/span>\n\t\t<\/div>\n\t<\/div>\n\t\t<\/div>\n<\/div><\/div>\n\n\n\t\t<\/div>\n\t\t\t\t\t<\/div>\n\n\t\n\n<\/div>\n<div class=\"row\"  id=\"row-1112218545\">\n\n\n\t<div id=\"col-191113215\" class=\"col small-12 large-12\"  >\n\t\t\t\t<div class=\"col-inner\"  >\n\t\t\t\n\t\t\t\n\n<div class=\"video video-fit mb\" style=\"padding-top:56.25%;\"><iframe loading=\"lazy\" title=\"b\u00f6\u00f6rds_T\u00dcTENH\u00dcTER\" width=\"1020\" height=\"574\" src=\"https:\/\/www.youtube.com\/embed\/HUMkeEs0od4?feature=oembed\" frameborder=\"0\" allow=\"accelerometer; autoplay; clipboard-write; encrypted-media; gyroscope; picture-in-picture\" allowfullscreen><\/iframe><\/div>\n\n\n\t\t<\/div>\n\t\t\t\t\t<\/div>\n\n\t\n\n<\/div>\n<h1 class=\"text-center\">Conocido por<\/h1>\n<div class=\"slider-wrapper relative\" id=\"slider-364581480\" >\n    <div class=\"slider slider-nav-circle slider-nav-large slider-nav-dark slider-style-normal slider-show-nav\"\n        data-flickity-options='{            \"cellAlign\": \"center\",            \"imagesLoaded\": true,            \"lazyLoad\": 1,            \"freeScroll\": true,            \"wrapAround\": true,            \"autoPlay\": 6000,            \"pauseAutoPlayOnHover\" : true,            \"prevNextButtons\": true,            \"contain\" : true,            \"adaptiveHeight\" : true,            \"dragThreshold\" : 10,            \"percentPosition\": true,            \"pageDots\": true,            \"rightToLeft\": false,            \"draggable\": true,            \"selectedAttraction\": 0.1,            \"parallax\" : 4,            \"friction\": 0.6        }'\n        >\n        \n\n\t<div class=\"img has-hover x md-x lg-x y md-y lg-y\" id=\"image_1778410007\">\n\t\t\t\t\t\t\t\t<div class=\"img-inner dark\" >\n\t\t\t<img loading=\"lazy\" decoding=\"async\" width=\"2000\" height=\"336\" src=\"https:\/\/boeoerds.ch\/wp-content\/uploads\/2021\/06\/Gruppe-1.jpg\" class=\"attachment-original size-original\" alt=\"\" srcset=\"https:\/\/boeoerds.ch\/wp-content\/uploads\/2021\/06\/Gruppe-1.jpg 2000w, https:\/\/boeoerds.ch\/wp-content\/uploads\/2021\/06\/Gruppe-1-800x134.jpg 800w, https:\/\/boeoerds.ch\/wp-content\/uploads\/2021\/06\/Gruppe-1-300x50.jpg 300w, https:\/\/boeoerds.ch\/wp-content\/uploads\/2021\/06\/Gruppe-1-1024x172.jpg 1024w, https:\/\/boeoerds.ch\/wp-content\/uploads\/2021\/06\/Gruppe-1-768x129.jpg 768w, https:\/\/boeoerds.ch\/wp-content\/uploads\/2021\/06\/Gruppe-1-1536x258.jpg 1536w, https:\/\/boeoerds.ch\/wp-content\/uploads\/2021\/06\/Gruppe-1-600x101.jpg 600w, https:\/\/boeoerds.ch\/wp-content\/uploads\/2021\/06\/Gruppe-1-190x32.jpg 190w, https:\/\/boeoerds.ch\/wp-content\/uploads\/2021\/06\/Gruppe-1-536x90.jpg 536w\" sizes=\"auto, (max-width: 2000px) 100vw, 2000px\" \/>\t\t\t\t\t\t\n\t\t\t\t\t<\/div>\n\t\t\t\t\t\t\t\t\n<style>\n#image_1778410007 {\n  width: 100%;\n}\n<\/style>\n\t<\/div>\n\t\n\n\t<div class=\"img has-hover x md-x lg-x y md-y lg-y\" id=\"image_1687566842\">\n\t\t\t\t\t\t\t\t<div class=\"img-inner dark\" >\n\t\t\t<img loading=\"lazy\" decoding=\"async\" width=\"2000\" height=\"336\" src=\"https:\/\/boeoerds.ch\/wp-content\/uploads\/2021\/06\/Gruppe-2-1.jpg\" class=\"attachment-original size-original\" alt=\"\" srcset=\"https:\/\/boeoerds.ch\/wp-content\/uploads\/2021\/06\/Gruppe-2-1.jpg 2000w, https:\/\/boeoerds.ch\/wp-content\/uploads\/2021\/06\/Gruppe-2-1-800x134.jpg 800w, https:\/\/boeoerds.ch\/wp-content\/uploads\/2021\/06\/Gruppe-2-1-300x50.jpg 300w, https:\/\/boeoerds.ch\/wp-content\/uploads\/2021\/06\/Gruppe-2-1-1024x172.jpg 1024w, https:\/\/boeoerds.ch\/wp-content\/uploads\/2021\/06\/Gruppe-2-1-768x129.jpg 768w, https:\/\/boeoerds.ch\/wp-content\/uploads\/2021\/06\/Gruppe-2-1-1536x258.jpg 1536w, https:\/\/boeoerds.ch\/wp-content\/uploads\/2021\/06\/Gruppe-2-1-600x101.jpg 600w, https:\/\/boeoerds.ch\/wp-content\/uploads\/2021\/06\/Gruppe-2-1-190x32.jpg 190w, https:\/\/boeoerds.ch\/wp-content\/uploads\/2021\/06\/Gruppe-2-1-536x90.jpg 536w\" sizes=\"auto, (max-width: 2000px) 100vw, 2000px\" \/>\t\t\t\t\t\t\n\t\t\t\t\t<\/div>\n\t\t\t\t\t\t\t\t\n<style>\n#image_1687566842 {\n  width: 100%;\n}\n<\/style>\n\t<\/div>\n\t\n\n\t<div class=\"img has-hover x md-x lg-x y md-y lg-y\" id=\"image_1929981694\">\n\t\t\t\t\t\t\t\t<div class=\"img-inner dark\" >\n\t\t\t<img loading=\"lazy\" decoding=\"async\" width=\"2000\" height=\"336\" src=\"https:\/\/boeoerds.ch\/wp-content\/uploads\/2021\/06\/Gruppe-3-1.jpg\" class=\"attachment-original size-original\" alt=\"\" srcset=\"https:\/\/boeoerds.ch\/wp-content\/uploads\/2021\/06\/Gruppe-3-1.jpg 2000w, https:\/\/boeoerds.ch\/wp-content\/uploads\/2021\/06\/Gruppe-3-1-800x134.jpg 800w, https:\/\/boeoerds.ch\/wp-content\/uploads\/2021\/06\/Gruppe-3-1-300x50.jpg 300w, https:\/\/boeoerds.ch\/wp-content\/uploads\/2021\/06\/Gruppe-3-1-1024x172.jpg 1024w, https:\/\/boeoerds.ch\/wp-content\/uploads\/2021\/06\/Gruppe-3-1-768x129.jpg 768w, https:\/\/boeoerds.ch\/wp-content\/uploads\/2021\/06\/Gruppe-3-1-1536x258.jpg 1536w, https:\/\/boeoerds.ch\/wp-content\/uploads\/2021\/06\/Gruppe-3-1-600x101.jpg 600w, https:\/\/boeoerds.ch\/wp-content\/uploads\/2021\/06\/Gruppe-3-1-190x32.jpg 190w, https:\/\/boeoerds.ch\/wp-content\/uploads\/2021\/06\/Gruppe-3-1-536x90.jpg 536w\" sizes=\"auto, (max-width: 2000px) 100vw, 2000px\" \/>\t\t\t\t\t\t\n\t\t\t\t\t<\/div>\n\t\t\t\t\t\t\t\t\n<style>\n#image_1929981694 {\n  width: 100%;\n}\n<\/style>\n\t<\/div>\n\t\n\n\n     <\/div>\n\n     <div class=\"loading-spin dark large centered\"><\/div>\n\n\t<\/div>\n\n\n<div class=\"row\"  id=\"row-1856922988\">\n\n\n\t<div id=\"col-750869374\" class=\"col medium-3 small-12 large-3\"  >\n\t\t\t\t<div class=\"col-inner\"  >\n\t\t\t\n\t\t\t\n\n<div id=\"cc-m-17578411925\" class=\"j-module n j-hgrid\">\n<div class=\"cc-m-hgrid-column\">\n<div id=\"cc-matrix-5476236525\">\n<div id=\"cc-m-17574821625\" class=\"j-module n j-header\">\n<h2 id=\"cc-m-header-17574821625\"><span style=\"font-size: 110%;\">Fabricado en Suiza<\/span><\/h2>\n<\/div>\n<\/div>\n<\/div>\n<\/div>\n<div id=\"cc-m-17574821825\" class=\"j-module n j-hgrid\">\n<div class=\"cc-m-hgrid-column\">\n<div id=\"cc-matrix-5475043525\">\n<div id=\"cc-m-17574822025\" class=\"j-module n j-text\">\n<p><b>DISE\u00d1O<br><\/b>b\u00f6\u00f6rds AG - Suiza - hecho con amor<\/p>\n<p><b>PRODUCCI\u00d3N<br><\/b>PYME familiar - Suiza Este - Perfecci\u00f3n<\/p>\n<p><strong>EMBALAJE<br><\/strong>neutralidad clim\u00e1tica - Fundaci\u00f3n - Integraci\u00f3n<\/p>\n<\/div>\n<\/div>\n<\/div>\n<\/div>\n\t<div class=\"img has-hover x md-x lg-x y md-y lg-y\" id=\"image_573100624\">\n\t\t\t\t\t\t\t\t<div class=\"img-inner dark\" >\n\t\t\t<img loading=\"lazy\" decoding=\"async\" width=\"214\" height=\"235\" src=\"https:\/\/boeoerds.ch\/wp-content\/uploads\/2020\/10\/swiss-made.png\" class=\"attachment-large size-large\" alt=\"\" \/>\t\t\t\t\t\t\n\t\t\t\t\t<\/div>\n\t\t\t\t\t\t\t\t\n<style>\n#image_573100624 {\n  width: 51%;\n}\n<\/style>\n\t<\/div>\n\t\n\n\n\t\t<\/div>\n\t\t\t\t\t<\/div>\n\n\t\n\n\t<div id=\"col-589904869\" class=\"col medium-3 small-12 large-3\"  >\n\t\t\t\t<div class=\"col-inner\"  >\n\t\t\t\n\t\t\t\n\n<h2>Dise\u00f1o<\/h2>\n<p>Tengo mi apariencia&nbsp;&nbsp;<a title=\"Qui\u00e9nes somos\" href=\"\/ueber-uns\/\">Sandra y Chrigi<\/a>&nbsp;gracias a ellos. Como fundadores y propietarios de b\u00f6\u00f6rds AG -la joven start-up- me crearon y dise\u00f1aron tanto a m\u00ed como a mi envase con mucha dedicaci\u00f3n, creatividad y cari\u00f1o. Me apoyaron con mi personaje T\u00dcTENH\u00dcTER. Est\u00e1 hecho a mano con mucho cari\u00f1o por&nbsp;<a title=\"http:\/\/matto.ch\/\" href=\"http:\/\/matto.ch\/\" target=\"_blank\" rel=\"noopener noreferrer\">Matto<\/a>un artista superdotado. Aprovechamos la ocasi\u00f3n para agradecerte, querido Matto, tu incre\u00edble talento para plasmar tan acertadamente en un personaje todos nuestros deseos.<\/p>\n\n\t\t<\/div>\n\t\t\t\t\t<\/div>\n\n\t\n\n\t<div id=\"col-1647485752\" class=\"col medium-3 small-12 large-3\"  >\n\t\t\t\t<div class=\"col-inner\"  >\n\t\t\t\n\t\t\t\n\n<h2>Producci\u00f3n<\/h2>\n<p>Estoy incre\u00edblemente orgulloso de que me fabrique en el este de Suiza una gran y reconocida PYME familiar de segunda generaci\u00f3n. Con muchos a\u00f1os de experiencia en la fabricaci\u00f3n de piezas de pl\u00e1stico, son los fabricantes perfectos para m\u00ed. Me parece estupendo que me hayan dado aqu\u00ed mi propio molde y que mi nombre est\u00e9 escrito tan bien en mi superficie algo rugosa. Depositar tu confianza en una joven start-up no es algo natural. Pero juntos podemos volar.<\/p>\n\n\t\t<\/div>\n\t\t\t\t\t<\/div>\n\n\t\n\n\t<div id=\"col-728758119\" class=\"col medium-3 small-12 large-3\"  >\n\t\t\t\t<div class=\"col-inner\"  >\n\t\t\t\n\t\t\t\n\n<h2>Embalaje<\/h2>\n<div class=\"cc-m-hgrid-column last\">\n<div id=\"cc-matrix-5475103625\">\n<div id=\"cc-m-17575004825\" class=\"j-module n j-text\">\n<p>Ni que decir tiene que tambi\u00e9n me empaquetan en Suiza. Paso por las maravillosas manos de los empleados de la fundaci\u00f3n&nbsp;<a title=\"https:\/\/www.arwole.ch\/\" href=\"https:\/\/www.arwole.ch\/\" target=\"_blank\" rel=\"noopener noreferrer\">Arwole<\/a>&nbsp;en Sargans. La pel\u00edcula para ello se imprime 100% clim\u00e1ticamente neutra en Suiza. \u00bfSab\u00edas que mis piezas interiores y exteriores se ensamblan a mano y que en el envasado tambi\u00e9n interviene mucho trabajo manual? Qu\u00e9 bien, puedo formar parte de la econom\u00eda y la cadena de valor suizas. Estoy especialmente orgulloso de ello.<\/p>\n<\/div>\n<\/div>\n<\/div>\n\n\t\t<\/div>\n\t\t\t\t\t<\/div>\n\n\t\n\n<\/div>\n<div class=\"row\"  id=\"row-2141513412\">\n\n\n\t<div id=\"col-1077386655\" class=\"col medium-3 small-12 large-3\"  >\n\t\t\t\t<div class=\"col-inner\"  >\n\t\t\t\n\t\t\t\n\n<div id=\"cc-m-17578411925\" class=\"j-module n j-hgrid\">\n<div class=\"cc-m-hgrid-column\">\n<div id=\"cc-matrix-5476236525\">\n<div id=\"cc-m-17574821625\" class=\"j-module n j-header\">\n<div id=\"cc-m-17578411925\" class=\"j-module n j-hgrid\">\n<div class=\"cc-m-hgrid-column\">\n<div id=\"cc-matrix-5476236525\">\n<div id=\"cc-m-17574821625\" class=\"j-module n j-header\">\n<h2 id=\"cc-m-header-17574821625\"><span style=\"font-size: 110%;\">Impermeable<\/span><\/h2>\n<\/div>\n<\/div>\n<\/div>\n<\/div>\n<div id=\"cc-m-17574821825\" class=\"j-module n j-hgrid\">\n<div class=\"cc-m-hgrid-column\">\n<div id=\"cc-matrix-5475043525\">\n<div id=\"cc-m-17574822025\" class=\"j-module n j-text\">\n<p><strong>L\u00cdQUIDOS<br><\/strong>Salsas - Sopas - Cremas<\/p>\n<p><strong>EN MARCHA<br><\/strong>sencillo - pr\u00e1ctico - bueno<\/p>\n<p><strong>FESTIVAL DE LA CONGELACI\u00d3N<br><\/strong>Robusto - duradero - limpio<\/p>\n<\/div>\n<\/div>\n<\/div>\n<\/div>\n<\/div>\n<\/div>\n<\/div>\n<\/div>\n\t<div class=\"img has-hover x md-x lg-x y md-y lg-y\" id=\"image_498590519\">\n\t\t\t\t\t\t\t\t<div class=\"img-inner dark\" >\n\t\t\t\t\t\t\t\t\t\n\t\t\t\t\t<\/div>\n\t\t\t\t\t\t\t\t\n<style>\n#image_498590519 {\n  width: 53%;\n}\n<\/style>\n\t<\/div>\n\t\n\n\n\t\t<\/div>\n\t\t\t\t\t<\/div>\n\n\t\n\n\t<div id=\"col-914213676\" class=\"col medium-3 small-12 large-3\"  >\n\t\t\t\t<div class=\"col-inner\"  >\n\t\t\t\n\t\t\t\n\n<h2>L\u00edquidos<\/h2>\n<p>Conmigo podr\u00e1 envasar, sellar y transportar f\u00e1cilmente salsas y l\u00edquidos. Para ello, utilice bolsas del grosor adecuado. Las bolsas de vac\u00edo son especialmente adecuadas para ello. Gracias a m\u00ed, puedes separar f\u00e1cilmente el ali\u00f1o de la ensalada. Cuando tengas hambre, s\u00e1came, agita la bolsa y tendr\u00e1s una combinaci\u00f3n perfecta de ali\u00f1o y ensalada crujiente.<\/p>\n\n\t\t<\/div>\n\t\t\t\t\t<\/div>\n\n\t\n\n\t<div id=\"col-404137733\" class=\"col medium-3 small-12 large-3\"  >\n\t\t\t\t<div class=\"col-inner\"  >\n\t\t\t\n\t\t\t\n\n<h2>De viaje<\/h2>\n<p>\u00bfLe gusta comer fuera de casa o en la oficina y est\u00e1 cansado de cargar con el \"Sch\u00e4leli\" a casa despu\u00e9s de comer? Yo soy la soluci\u00f3n perfecta. Transporta tu comida en una bolsa y yo la sellar\u00e9 para que sea impermeable, herm\u00e9tica e inodora. En una excursi\u00f3n, en una salida familiar o incluso para un picnic, soy tu soluci\u00f3n de cierre ideal. \u00c1breme, te encantar\u00e9.<\/p>\n\n\t\t<\/div>\n\t\t\t\t\t<\/div>\n\n\t\n\n\t<div id=\"col-687706598\" class=\"col medium-3 small-12 large-3\"  >\n\t\t\t\t<div class=\"col-inner\"  >\n\t\t\t\n\t\t\t\n\n<h2>A prueba de congelaci\u00f3n<\/h2>\n<p>Fui hecho de material robusto, as\u00ed que soy&nbsp;<a title=\"https:\/\/www.youtube.com\/watch?v=g6O_7KFNjDM\" href=\"https:\/\/www.youtube.com\/watch?v=g6O_7KFNjDM\" target=\"_blank\" rel=\"noopener noreferrer\">A prueba de congelaci\u00f3n<\/a>&nbsp;y especialmente duraderas. Ya sea para verduras congeladas, patatas fritas o bolsas abiertas de bayas. Incluso a temperaturas bajo cero, embolsar sigue siendo mi pasatiempo favorito. Si me ensucio, no dudo en lavarme en el lavavajillas. Me encantan las fiestas de espuma h\u00fameda y alegre y los lavados en caliente.<\/p>\n\n\t\t<\/div>\n\t\t\t\t\t<\/div>\n\n\t\n\n<\/div>\n<div class=\"row\"  id=\"row-999392099\">\n\n\n\t<div id=\"col-1612767535\" class=\"col medium-3 small-12 large-3\"  >\n\t\t\t\t<div class=\"col-inner\"  >\n\t\t\t\n\t\t\t\n\n<div id=\"cc-m-17578411925\" class=\"j-module n j-hgrid\">\n<div class=\"cc-m-hgrid-column\">\n<div id=\"cc-matrix-5476236525\">\n<div id=\"cc-m-17574821625\" class=\"j-module n j-header\">\n<div id=\"cc-m-17578411925\" class=\"j-module n j-hgrid\">\n<div class=\"cc-m-hgrid-column\">\n<div id=\"cc-matrix-5476236525\">\n<div id=\"cc-m-17574821625\" class=\"j-module n j-header\">\n<div id=\"cc-m-17578411925\" class=\"j-module n j-hgrid\">\n<div class=\"cc-m-hgrid-column\">\n<div id=\"cc-matrix-5476236525\">\n<div id=\"cc-m-17574821625\" class=\"j-module n j-header\">\n<h2 id=\"cc-m-header-17574821625\"><span style=\"font-size: 110%;\">Herm\u00e9tico<\/span><\/h2>\n<\/div>\n<\/div>\n<\/div>\n<\/div>\n<div id=\"cc-m-17574821825\" class=\"j-module n j-hgrid\">\n<div class=\"cc-m-hgrid-column\">\n<div id=\"cc-matrix-5475043525\">\n<div id=\"cc-m-17574822025\" class=\"j-module n j-text\">\n<p><strong>CONSERVADOR<br><\/strong>larga duraci\u00f3n - fresco - crujiente<\/p>\n<p><strong>ODOURLESS<br><\/strong>delicioso - neutro - crujiente<\/p>\n<p><strong>HIGI\u00c9NICO<br><\/strong>Cerrado - herm\u00e9tico - ordenado<\/p>\n<\/div>\n<\/div>\n<\/div>\n<\/div>\n<\/div>\n<\/div>\n<\/div>\n<\/div>\n<\/div>\n<\/div>\n<\/div>\n<\/div>\n\t<div class=\"img has-hover x md-x lg-x y md-y lg-y\" id=\"image_1235818148\">\n\t\t\t\t\t\t\t\t<div class=\"img-inner dark\" >\n\t\t\t\t\t\t\t\t\t\n\t\t\t\t\t<\/div>\n\t\t\t\t\t\t\t\t\n<style>\n#image_1235818148 {\n  width: 53%;\n}\n<\/style>\n\t<\/div>\n\t\n\n\n\t\t<\/div>\n\t\t\t\t\t<\/div>\n\n\t\n\n\t<div id=\"col-1836781321\" class=\"col medium-3 small-12 large-3\"  >\n\t\t\t\t<div class=\"col-inner\"  >\n\t\t\t\n\t\t\t\n\n<h2>Conservante<\/h2>\n<p>Conmigo, puede cerrar las bolsas herm\u00e9ticamente con facilidad. As\u00ed los alimentos duran m\u00e1s y se mantienen crujientes y frescos en la cocina. Siempre me molesta mucho que se tire comida y me gusta apoyar las actividades de \"no desperdicio de alimentos\". Como tambi\u00e9n soy resistente al congelador, me siento como en casa en cualquier rinc\u00f3n de tu cocina.<\/p>\n\n\t\t<\/div>\n\t\t\t\t\t<\/div>\n\n\t\n\n\t<div id=\"col-1428384553\" class=\"col medium-3 small-12 large-3\"  >\n\t\t\t\t<div class=\"col-inner\"  >\n\t\t\t\n\t\t\t\n\n<h2>Inodoro<\/h2>\n<p>Como las cierro herm\u00e9ticamente, ning\u00fan olor desagradable puede salir de las bolsas. Gracias a m\u00ed, su \"Chuchi-Ch\u00e4stli\" y su frigor\u00edfico no s\u00f3lo tendr\u00e1n siempre un aspecto ordenado y limpio, sino que tambi\u00e9n oler\u00e1n de forma neutra. Ya sea pescado, verduras, platos preparados, carne, cebollas, ajos o incluso comida para mascotas, yo sello todo tipo de contenidos.<\/p>\n\n\t\t<\/div>\n\t\t\t\t\t<\/div>\n\n\t\n\n\t<div id=\"col-2049187008\" class=\"col medium-3 small-12 large-3\"  >\n\t\t\t\t<div class=\"col-inner\"  >\n\t\t\t\n\t\t\t\n\n<h2>Higi\u00e9nico<\/h2>\n<div class=\"cc-m-hgrid-column last\">\n<div id=\"cc-matrix-5475103625\">\n<div id=\"cc-m-17575004825\" class=\"j-module n j-text\">\n<p>Gracias a m\u00ed, podr\u00e1 mantener su hogar higi\u00e9nicamente limpio, puro y ordenado. Ya se trate de alimentos, l\u00edquidos, comida para mascotas, cosm\u00e9ticos, medicamentos o materiales para manualidades, cuando se trata de orden, higiene y limpieza, soy un aut\u00e9ntico \"B\u00fcnzli-Schwiizer\", y muchos hogares me quieren mucho por ello. Si me recoges, te demostrar\u00e9 por qu\u00e9.<\/p>\n<\/div>\n<\/div>\n<\/div>\n\n\t\t<\/div>\n\t\t\t\t\t<\/div>\n\n\t\n\n<\/div>\n<div class=\"row\"  id=\"row-1980766182\">\n\n\n\t<div id=\"col-892609360\" class=\"col medium-3 small-12 large-3\"  >\n\t\t\t\t<div class=\"col-inner\"  >\n\t\t\t\n\t\t\t\n\n<div id=\"cc-m-17578411925\" class=\"j-module n j-hgrid\">\n<div class=\"cc-m-hgrid-column\">\n<div id=\"cc-matrix-5476236525\">\n<div id=\"cc-m-17574821625\" class=\"j-module n j-header\">\n<div id=\"cc-m-17578411925\" class=\"j-module n j-hgrid\">\n<div class=\"cc-m-hgrid-column\">\n<div id=\"cc-matrix-5476236525\">\n<div id=\"cc-m-17574821625\" class=\"j-module n j-header\">\n<div id=\"cc-m-17578411925\" class=\"j-module n j-hgrid\">\n<div class=\"cc-m-hgrid-column\">\n<div id=\"cc-matrix-5476236525\">\n<div id=\"cc-m-17574821625\" class=\"j-module n j-header\">\n<div id=\"cc-m-17578411925\" class=\"j-module n j-hgrid\">\n<div class=\"cc-m-hgrid-column\">\n<div id=\"cc-matrix-5476236525\">\n<div id=\"cc-m-17574821625\" class=\"j-module n j-header\">\n<h2 id=\"cc-m-header-17574821625\"><span style=\"font-size: 110%;\">Sostenible<\/span><\/h2>\n<\/div>\n<\/div>\n<\/div>\n<\/div>\n<div id=\"cc-m-17574821825\" class=\"j-module n j-hgrid\">\n<div class=\"cc-m-hgrid-column\">\n<div id=\"cc-matrix-5475043525\">\n<div id=\"cc-m-17574822025\" class=\"j-module n j-text\">\n<p><strong>ECOL\u00d3GICO<br><\/strong>sin desperdicio de alimentos - robusto - 100% Clima neutro<\/p>\n<p><strong>ECON\u00d3MICO<br><\/strong>Creaci\u00f3n de valor - 100% - Suiza - Empleo<\/p>\n<p><strong>NACIONAL<br><\/strong>Suiza - Correos - Inicio<\/p>\n<\/div>\n<\/div>\n<\/div>\n<\/div>\n<\/div>\n<\/div>\n<\/div>\n<\/div>\n<\/div>\n<\/div>\n<\/div>\n<\/div>\n<\/div>\n<\/div>\n<\/div>\n<\/div>\n\t<div class=\"img has-hover x md-x lg-x y md-y lg-y\" id=\"image_1874962539\">\n\t\t\t\t\t\t\t\t<div class=\"img-inner dark\" >\n\t\t\t\t\t\t\t\t\t\n\t\t\t\t\t<\/div>\n\t\t\t\t\t\t\t\t\n<style>\n#image_1874962539 {\n  width: 53%;\n}\n<\/style>\n\t<\/div>\n\t\n\n\n\t\t<\/div>\n\t\t\t\t\t<\/div>\n\n\t\n\n\t<div id=\"col-288728410\" class=\"col medium-3 small-12 large-3\"  >\n\t\t\t\t<div class=\"col-inner\"  >\n\t\t\t\n\t\t\t\n\n<h2>Ecol\u00f3gico<\/h2>\n<p>Me apasiona luchar contra los alimentos estropeados. Gracias a mi capacidad para cerrar bolsas herm\u00e9ticas y estancas, puedo conservar los alimentos durante m\u00e1s tiempo. Para m\u00ed, \"no desperdiciar alimentos\" no es s\u00f3lo una palabra de moda. Soy especialmente robusto, s\u00ed, estoy hecho de pl\u00e1stico, pero no me tiras, soy extremadamente duradero. Mi envase procede de una empresa suiza que&nbsp;<a title=\"https:\/\/www.okleiner.ch\/de\/nachhaltigkeit.html\" href=\"https:\/\/www.okleiner.ch\/de\/nachhaltigkeit.html\" target=\"_blank\" rel=\"noopener noreferrer\">100% Clima neutro<\/a>&nbsp;producido.<\/p>\n\n\t\t<\/div>\n\t\t\t\t\t<\/div>\n\n\t\n\n\t<div id=\"col-290769181\" class=\"col medium-3 small-12 large-3\"  >\n\t\t\t\t<div class=\"col-inner\"  >\n\t\t\t\n\t\t\t\n\n<h2>Econ\u00f3mico<\/h2>\n<p>Estoy especialmente orgulloso de contribuir a la creaci\u00f3n de valor en Suiza. Me produce en el este de Suiza una PYME familiar experimentada y acogedora. En Sargans en la fundaci\u00f3n&nbsp;<a title=\"https:\/\/www.arwole.ch\/\" href=\"https:\/\/www.arwole.ch\/\" target=\"_blank\" rel=\"noopener noreferrer\">Arwole<\/a>&nbsp;Estoy empaquetado por grandes empleados. La pel\u00edcula se imprime en Suiza. Mi revelador y propietario es el&nbsp;<a href=\"\/ueber-uns\/\" target=\"_top\" rel=\"noopener noreferrer\">b\u00f6\u00f6rds AG<\/a>una joven start-up del este de Suiza. Estoy en el mercado desde 2018.<\/p>\n\n\t\t<\/div>\n\t\t\t\t\t<\/div>\n\n\t\n\n\t<div id=\"col-1625616443\" class=\"col medium-3 small-12 large-3\"  >\n\t\t\t\t<div class=\"col-inner\"  >\n\t\t\t\n\t\t\t\n\n<h2>Nacional<\/h2>\n<div class=\"cc-m-hgrid-column last\">\n<div id=\"cc-matrix-5475103625\">\n<div id=\"cc-m-17575004825\" class=\"j-module n j-text\">\n<div class=\"cc-m-hgrid-column last\">\n<div id=\"cc-matrix-5475055325\">\n<div id=\"cc-m-17574851525\" class=\"j-module n j-text\">\n<p>Como aut\u00e9ntico suizo, me muevo mucho. Puede encontrarme en la&nbsp;<a title=\"Puntos de venta\" href=\"\/verkaufsstellen\/\">Comercio especializado<\/a>&nbsp;comprar f\u00e1cilmente a trav\u00e9s del b\u00f6\u00f6rds&nbsp;<a href=\"\/shop\/\" target=\"_top\" rel=\"noopener noreferrer\">Tienda en l\u00ednea<\/a>&nbsp;pedido a domicilio. Almaceno en Suiza. Con Swiss Post estar\u00e9 en su buz\u00f3n en un plazo m\u00e1ximo de 3 d\u00edas. Estoy deseando conocerle.<\/p>\n<p>Por desgracia, todav\u00eda no se me dan muy bien el italiano, el franc\u00e9s y el romanche, pero estoy seguro de que mejorar\u00e9.<\/p>\n<\/div>\n<\/div>\n<\/div>\n<\/div>\n<\/div>\n<\/div>\n\n\t\t<\/div>\n\t\t\t\t\t<\/div>\n\n\t\n\n<\/div>","protected":false},"excerpt":{"rendered":"","protected":false},"author":1,"featured_media":0,"parent":0,"menu_order":0,"comment_status":"closed","ping_status":"closed","template":"","meta":{"_acf_changed":false,"footnotes":""},"class_list":["post-427","page","type-page","status-publish","hentry"],"acf":[],"yoast_head":"<!-- This site is optimized with the Yoast SEO plugin v26.8 - https:\/\/yoast.com\/product\/yoast-seo-wordpress\/ -->\n<title>T\u00fctenh\u00fcter | T\u00fctenh\u00fcter | das clevere T\u00fctenverschluss-System<\/title>\n<meta name=\"description\" content=\"Ich wurde von Sandra und Chrigi mit viel Liebe zum Detail designt, hergestellt und verpackt. Lerne mich kennen!\" \/>\n<meta name=\"robots\" content=\"index, follow, max-snippet:-1, max-image-preview:large, max-video-preview:-1\" \/>\n<link rel=\"canonical\" href=\"https:\/\/boeoerds.ch\/es\/tuetenhueter-old\/\" \/>\n<meta property=\"og:locale\" content=\"es_ES\" \/>\n<meta property=\"og:type\" content=\"article\" \/>\n<meta property=\"og:title\" content=\"T\u00fctenh\u00fcter | T\u00fctenh\u00fcter | das clevere T\u00fctenverschluss-System\" \/>\n<meta property=\"og:description\" content=\"Ich wurde von Sandra und Chrigi mit viel Liebe zum Detail designt, hergestellt und verpackt. Lerne mich kennen!\" \/>\n<meta property=\"og:url\" content=\"https:\/\/boeoerds.ch\/es\/tuetenhueter-old\/\" \/>\n<meta property=\"og:site_name\" content=\"T\u00fctenh\u00fcter | das clevere T\u00fctenverschluss-System\" \/>\n<meta property=\"article:publisher\" content=\"https:\/\/www.facebook.com\/B%c3%b6%c3%b6rds_T%c3%bctenh%c3%bcter-1790008597712368\/\" \/>\n<meta property=\"article:modified_time\" content=\"2021-06-16T07:47:13+00:00\" \/>\n<meta name=\"twitter:card\" content=\"summary_large_image\" \/>\n<meta name=\"twitter:label1\" content=\"Tiempo de lectura\" \/>\n\t<meta name=\"twitter:data1\" content=\"6 minutos\" \/>\n<script type=\"application\/ld+json\" class=\"yoast-schema-graph\">{\"@context\":\"https:\/\/schema.org\",\"@graph\":[{\"@type\":\"WebPage\",\"@id\":\"https:\/\/boeoerds.ch\/tuetenhueter-old\/\",\"url\":\"https:\/\/boeoerds.ch\/tuetenhueter-old\/\",\"name\":\"T\u00fctenh\u00fcter | T\u00fctenh\u00fcter | das clevere T\u00fctenverschluss-System\",\"isPartOf\":{\"@id\":\"https:\/\/boeoerds.ch\/#website\"},\"datePublished\":\"2020-09-28T02:34:10+00:00\",\"dateModified\":\"2021-06-16T07:47:13+00:00\",\"description\":\"Ich wurde von Sandra und Chrigi mit viel Liebe zum Detail designt, hergestellt und verpackt. Lerne mich kennen!\",\"inLanguage\":\"es\",\"potentialAction\":[{\"@type\":\"ReadAction\",\"target\":[\"https:\/\/boeoerds.ch\/tuetenhueter-old\/\"]}]},{\"@type\":\"WebSite\",\"@id\":\"https:\/\/boeoerds.ch\/#website\",\"url\":\"https:\/\/boeoerds.ch\/\",\"name\":\"T\u00fctenh\u00fcter | das clevere T\u00fctenverschluss-System\",\"description\":\"T\u00dcTENH\u00dcTER - das clevere T\u00fctenverschluss-System. Swiss Made. Wasserdicht. Luftdicht. Gefrierfest. Jetzt das Schweizer Original online bestellen.\",\"publisher\":{\"@id\":\"https:\/\/boeoerds.ch\/#organization\"},\"potentialAction\":[{\"@type\":\"SearchAction\",\"target\":{\"@type\":\"EntryPoint\",\"urlTemplate\":\"https:\/\/boeoerds.ch\/?s={search_term_string}\"},\"query-input\":{\"@type\":\"PropertyValueSpecification\",\"valueRequired\":true,\"valueName\":\"search_term_string\"}}],\"inLanguage\":\"es\"},{\"@type\":\"Organization\",\"@id\":\"https:\/\/boeoerds.ch\/#organization\",\"name\":\"b\u00f6\u00f6rds AG\",\"url\":\"https:\/\/boeoerds.ch\/\",\"logo\":{\"@type\":\"ImageObject\",\"inLanguage\":\"es\",\"@id\":\"https:\/\/boeoerds.ch\/#\/schema\/logo\/image\/\",\"url\":\"https:\/\/boeoerds.ch\/wp-content\/uploads\/2022\/03\/cropped-WhatsApp-Image-2022-03-31-at-09.47.28.jpeg\",\"contentUrl\":\"https:\/\/boeoerds.ch\/wp-content\/uploads\/2022\/03\/cropped-WhatsApp-Image-2022-03-31-at-09.47.28.jpeg\",\"width\":512,\"height\":512,\"caption\":\"b\u00f6\u00f6rds AG\"},\"image\":{\"@id\":\"https:\/\/boeoerds.ch\/#\/schema\/logo\/image\/\"},\"sameAs\":[\"https:\/\/www.facebook.com\/B\u00f6\u00f6rds_T\u00fctenh\u00fcter-1790008597712368\/\",\"https:\/\/www.instagram.com\/boeoerds_tuetenhueter\/?hl=de\",\"https:\/\/www.youtube.com\/channel\/UCdZ4kOjlZLThuAsbAH__Pug\"]}]}<\/script>\n<!-- \/ Yoast SEO plugin. -->","yoast_head_json":{"title":"T\u00fctenh\u00fcter | T\u00fctenh\u00fcter | das clevere T\u00fctenverschluss-System","description":"Ich wurde von Sandra und Chrigi mit viel Liebe zum Detail designt, hergestellt und verpackt. Lerne mich kennen!","robots":{"index":"index","follow":"follow","max-snippet":"max-snippet:-1","max-image-preview":"max-image-preview:large","max-video-preview":"max-video-preview:-1"},"canonical":"https:\/\/boeoerds.ch\/es\/tuetenhueter-old\/","og_locale":"es_ES","og_type":"article","og_title":"T\u00fctenh\u00fcter | T\u00fctenh\u00fcter | das clevere T\u00fctenverschluss-System","og_description":"Ich wurde von Sandra und Chrigi mit viel Liebe zum Detail designt, hergestellt und verpackt. Lerne mich kennen!","og_url":"https:\/\/boeoerds.ch\/es\/tuetenhueter-old\/","og_site_name":"T\u00fctenh\u00fcter | das clevere T\u00fctenverschluss-System","article_publisher":"https:\/\/www.facebook.com\/B%c3%b6%c3%b6rds_T%c3%bctenh%c3%bcter-1790008597712368\/","article_modified_time":"2021-06-16T07:47:13+00:00","twitter_card":"summary_large_image","twitter_misc":{"Tiempo de lectura":"6 minutos"},"schema":{"@context":"https:\/\/schema.org","@graph":[{"@type":"WebPage","@id":"https:\/\/boeoerds.ch\/tuetenhueter-old\/","url":"https:\/\/boeoerds.ch\/tuetenhueter-old\/","name":"T\u00fctenh\u00fcter | T\u00fctenh\u00fcter | das clevere T\u00fctenverschluss-System","isPartOf":{"@id":"https:\/\/boeoerds.ch\/#website"},"datePublished":"2020-09-28T02:34:10+00:00","dateModified":"2021-06-16T07:47:13+00:00","description":"Ich wurde von Sandra und Chrigi mit viel Liebe zum Detail designt, hergestellt und verpackt. Lerne mich kennen!","inLanguage":"es","potentialAction":[{"@type":"ReadAction","target":["https:\/\/boeoerds.ch\/tuetenhueter-old\/"]}]},{"@type":"WebSite","@id":"https:\/\/boeoerds.ch\/#website","url":"https:\/\/boeoerds.ch\/","name":"T\u00fctenh\u00fcter | el sistema inteligente de cierre de bolsas","description":"T\u00dcTENH\u00dcTER - el sistema inteligente de cierre de bolsas. Fabricado en Suiza. Estanco al agua. Herm\u00e9tico al aire. A prueba de congelaci\u00f3n. Pida ahora el original suizo en l\u00ednea.","publisher":{"@id":"https:\/\/boeoerds.ch\/#organization"},"potentialAction":[{"@type":"SearchAction","target":{"@type":"EntryPoint","urlTemplate":"https:\/\/boeoerds.ch\/?s={search_term_string}"},"query-input":{"@type":"PropertyValueSpecification","valueRequired":true,"valueName":"search_term_string"}}],"inLanguage":"es"},{"@type":"Organization","@id":"https:\/\/boeoerds.ch\/#organization","name":"b\u00f6\u00f6rds AG","url":"https:\/\/boeoerds.ch\/","logo":{"@type":"ImageObject","inLanguage":"es","@id":"https:\/\/boeoerds.ch\/#\/schema\/logo\/image\/","url":"https:\/\/boeoerds.ch\/wp-content\/uploads\/2022\/03\/cropped-WhatsApp-Image-2022-03-31-at-09.47.28.jpeg","contentUrl":"https:\/\/boeoerds.ch\/wp-content\/uploads\/2022\/03\/cropped-WhatsApp-Image-2022-03-31-at-09.47.28.jpeg","width":512,"height":512,"caption":"b\u00f6\u00f6rds AG"},"image":{"@id":"https:\/\/boeoerds.ch\/#\/schema\/logo\/image\/"},"sameAs":["https:\/\/www.facebook.com\/B\u00f6\u00f6rds_T\u00fctenh\u00fcter-1790008597712368\/","https:\/\/www.instagram.com\/boeoerds_tuetenhueter\/?hl=de","https:\/\/www.youtube.com\/channel\/UCdZ4kOjlZLThuAsbAH__Pug"]}]}},"_links":{"self":[{"href":"https:\/\/boeoerds.ch\/es\/wp-json\/wp\/v2\/pages\/427","targetHints":{"allow":["GET"]}}],"collection":[{"href":"https:\/\/boeoerds.ch\/es\/wp-json\/wp\/v2\/pages"}],"about":[{"href":"https:\/\/boeoerds.ch\/es\/wp-json\/wp\/v2\/types\/page"}],"author":[{"embeddable":true,"href":"https:\/\/boeoerds.ch\/es\/wp-json\/wp\/v2\/users\/1"}],"replies":[{"embeddable":true,"href":"https:\/\/boeoerds.ch\/es\/wp-json\/wp\/v2\/comments?post=427"}],"version-history":[{"count":55,"href":"https:\/\/boeoerds.ch\/es\/wp-json\/wp\/v2\/pages\/427\/revisions"}],"predecessor-version":[{"id":7816,"href":"https:\/\/boeoerds.ch\/es\/wp-json\/wp\/v2\/pages\/427\/revisions\/7816"}],"wp:attachment":[{"href":"https:\/\/boeoerds.ch\/es\/wp-json\/wp\/v2\/media?parent=427"}],"curies":[{"name":"wp","href":"https:\/\/api.w.org\/{rel}","templated":true}]}}